{"id":2,"date":"2017-05-05T11:19:37","date_gmt":"2017-05-05T09:19:37","guid":{"rendered":"http:\/\/www.garenc.com\/garenc-at-works\/?page_id=2"},"modified":"2026-01-04T17:47:50","modified_gmt":"2026-01-04T16:47:50","slug":"contact-curriculum_arte","status":"publish","type":"page","link":"https:\/\/www.garenc.com\/garenc-at-works\/contact-curriculum_arte\/","title":{"rendered":"Contact &#038; Curriculum_Arte"},"content":{"rendered":"<h5>Pour plus d&rsquo;informations, vous pouvez m&rsquo;\u00e9crire \u00e0 l&rsquo;adresse philippe@garenc.com<\/h5>\n<p><span style=\"color: #333333;\"><strong><em>Expositions<\/em><\/strong><\/span><\/p>\n<p>2025 <em>Cabanes \u00e0 construire<\/em> &#8211; installation, LAC Lyc\u00e9e Jean Prouv\u00e9 &#8211; Nancy<br \/>\n2024 <em>Jardin d&rsquo;acclimatation &#8211; <\/em>multiples\u00a0Ergastule \u00e0 l&rsquo;usine Utopik &#8211; Tessy-sur-Virre<br \/>\n2024<em> Du crayon \u00e0 la souris et vice et versa&#8230; &#8211; Galerie le M\u00e8tre carr\u00e9<\/em> \/ Metz &#8211; France<br \/>\n2022<em> Ville(s) invisible(s) &#8211; M\u00e9diath\u00e8que Ch\u00e2teau Corbin<\/em> \/ Liverdun &#8211; France<br \/>\n2022 <em>Flacons du 19\u00e8me au 21\u00e8me si\u00e8cles<\/em> \/ Halle du Verre &#8211; Claret &#8211; France<br \/>\n2022 <em>Craft-3.0 &#8211; Immersive Art &amp; Craft<\/em> \/ 1535\u00b0 Creative Hub Differdange &#8211; Luxembourg<br \/>\n2021 <em>Dijon Art Fair &#8211; multiples d&rsquo;artistes \u00e9dit\u00e9s et vendus par Ergastule<\/em> \/ France<br \/>\n2021 <em>L&rsquo;expo du jour &#8211; Artoth\u00e8que relais<\/em> de l&rsquo;association Plus Vite ! \/ Moselle &#8211; France<br \/>\n2021 <em>hIAtus<\/em> &#8211; Puzzle, Thionville<br \/>\n2020<em> Ville(s) invisible(s) &#8211; <\/em>Mus\u00e9e d&rsquo;Art et d&rsquo;Histoire de Colombes \/ Biennale du Verre<br \/>\n2020 <em>Architectoniques<\/em> &#8211; Centre des Arts, Ecolint \u00e0 Gen\u00e8ve &#8211; Suisse, un curatoriat des \u00e9tudiants et de Manuel Fadat<br \/>\n2019 Art Fair Suomi &#8211; International Contemporary Art Festival represent\u00e9 par Ergastule \/ Helsinki &#8211; Finland<br \/>\n2019 <em>Analectes<\/em>,<em> R\u00e9trospective des 10 ann\u00e9es d&rsquo;\u00e9dition de multiples d&rsquo;artistes Ergastule &#8211; Ch\u00e2teau de Lun\u00e9ville <\/em><br \/>\n<em>2018 DESIGN&rsquo;issime, objets contemporains en verre, Halle du Verre, commissariat artistique Manuel Fadat, Claret<\/em><br \/>\n<em>2018 Aujourd&rsquo;hui et demain, la Jeune garde du Verre fran\u00e7ais &#8211; Mus\u00e9e \/ Centre d&rsquo;art du Verre, Carmaux<\/em><br \/>\n<em>2018 Manifestement num\u00e9rique &#8211; Galerie \/ Atelier Cerfav, Vannes-le-Ch\u00e2tel<\/em><br \/>\n<span style=\"color: #333333;\"><em>2017 Sur la Route, Yellow Korner et INMA, Paris<\/em><\/span><br \/>\n<span style=\"color: #333333;\"><em>2016 \u00c9mergences M\u00e9tiers d&rsquo;Art et Design &#8211; Installation Les Arts Cod\u00e9s, CND, Pantin<\/em><\/span><br \/>\n<span style=\"color: #333333;\"><em>2016 Outils num\u00e9riques et M\u00e9tiers d&rsquo;Art &#8211; Journ\u00e9es Europ\u00e9ennes des M\u00e9tiers d&rsquo;Art, Galerie Poirel, Nancy<\/em><\/span><br \/>\n<span style=\"color: #333333;\"><em>2015 De la terre dont nous faisons le verre, Maison des Arts du Verre, Vannes-le-Ch\u00e2tel<\/em><br \/>\n<\/span><span style=\"color: #333333;\"><em>2015 Chasser le Naturel, Le Pr\u00e9au &#8211; Max\u00e9ville<\/em><\/span><br \/>\n<span style=\"color: #333333;\"><em>2015 Nuit des Lucioles 5 , organis\u00e9e par <\/em><em><a href=\"http:\/\/association-plusvite.blogspot.fr\/\" target=\"_blank\" rel=\"noopener noreferrer\">Plus Vite !<\/a><\/em><em> , Dieuze<\/em><\/span><br \/>\n<span style=\"color: #333333;\"><em>2015 Exp\u00e9rience(s) , \u00e0 l&rsquo;occasion des DDay&rsquo;s &#8211; Les Arts Cod\u00e9s \u00e0 Pantin<\/em><\/span><br \/>\n<span style=\"color: #333333;\"><em>2015 Constellation(s) , Mus\u00e9e du Verre &#8211; curatoriat Manuel Fadat \u00e0 Claret<\/em><\/span><br \/>\n<span style=\"color: #333333;\"><em>2015 Un Coup de D\u00e9s&#8230; , Philippe Garenc &#8211; Octave Cowbell \u00e9glise des Trinitaires \u00e0 Metz<\/em><\/span><br \/>\n<span style=\"color: #333333;\"><em>2015 Modi Operandi , Philippe Garenc &#8211; Ergastule \u00e0 Nancy<\/em><\/span><br \/>\n<span style=\"color: #333333; font-style: italic;\">2014 ST&rsquo;ART, Ergastule \u00e9diteurs d&rsquo;art, Foire d&rsquo;Art Contemporain Strasbourg<\/span><br \/>\n<span style=\"color: #333333; font-style: italic;\">2014 Phalanst\u00e8re &amp; Philact\u00e8res, XS + (exposition itin\u00e9rante), Plus Vite ! Hampont<\/span><br \/>\n<span style=\"color: #333333; font-style: italic;\">2014 Mon Tr\u00e9sor avec Ergastule, invitation de l&rsquo;ESAL, le Tr\u00e9sor &#8211; Epinal<\/span><br \/>\n<span style=\"color: #333333;\"><span style=\"color: #333333; font-style: italic;\"><em>2013 La Fonction Po\u00e9tique, Galerie 379 &#8211; Nancy<\/em><\/span><\/span> <span style=\"color: #333333;\"><br \/>\n<em>2013 XIII, <\/em><span style=\"color: #333333; font-style: italic;\"><em>avec les \u00e9ditions d&rsquo;Ergastule, NJOY &#8211; Luxembourg<\/em><\/span><\/span><br \/>\n<span style=\"color: #333333;\"><em>2013 Au Bureau d&rsquo;Agn\u00e8s Aubague, avec les \u00e9ditions d&rsquo;Ergastule, Paris<\/em><\/span><br \/>\n<span style=\"color: #333333;\"><em>2012 Multiples avec Ergastule, Galerie <\/em><em><a href=\"http:\/\/www.mymonkey.fr\/\">My Monkey<\/a><\/em><em>, Nancy<\/em><\/span> <span style=\"color: #333333;\"><em>2012 Salon du Design , Art|Metz<\/em><\/span><br \/>\n<span style=\"color: #333333;\"><em>2012 Totalit\u00e9 v\u00e9cue (2) , <\/em><em><a href=\"http:\/\/www.poctb.fr\/\">POCTB<\/a><\/em><em>, Orl\u00e9ans<\/em><\/span> <span style=\"color: #333333;\"><em>2012 Topo\u00ef (solo), <\/em><em><a href=\"http:\/\/assolee.wordpress.com\/author\/assolee\/\">le L\u00e9e<\/a><\/em><em>, Metz<\/em><\/span><br \/>\n<span style=\"color: #333333;\"><em>2011 Totalit\u00e9 v\u00e9cue , Espace d\u2019Art Adagio, Conservatoire de Thionville<\/em><\/span><br \/>\n<span style=\"color: #333333;\"><em>2011 n+1 , une proposition d\u2019 Anna Olszewska, <\/em><em><a href=\"http:\/\/aperto.free.fr\/v2Site\/\">Aperto<\/a><\/em><em>, Montpellier<\/em><\/span><br \/>\n<span style=\"color: #333333;\"><em>2011 Uniques , du 29 septembre au 9 octobre, Ergastule et Galerie 9, Nancy<\/em><\/span><br \/>\n<span style=\"color: #333333;\"><em>2011 Bien au chaud : Prix de la Cabane d\u2019Artiste , Festival des paysages Artopie, Lorentzen<\/em><\/span><br \/>\n<span style=\"color: #333333;\"><em>2011 <\/em><em><a href=\"http:\/\/tryplex.org\/francais\/\">Tryplex<\/a><\/em><em> : FabLab, Expo and Show &#8211; Co-cr\u00e9ation Hyperwerk (CH), Cerfav, ESADS, Offenburg Art University<\/em><\/span><br \/>\n<span style=\"color: #333333;\"><em>2011 Corps de verre , <\/em><em><a href=\"http:\/\/www.museeverre-tarn.com\/actualites33.html\">Mus\u00e9e \/ Centre d\u2019Art du Verre de Carmaux<\/a><\/em><\/span><br \/>\n<span style=\"color: #333333;\"><em>2010 Multiples ! Collection Ergastule de multiples d\u2019artistes<\/em><br \/>\n<em>2010, Galerie 9, Nancy<\/em><\/span> <span style=\"color: #333333;\"><em>2010 D\u00e9plier les normales , avec David Arnaud et Amandine Le Marec, Galerie 9, Nancy<\/em><\/span><br \/>\n<span style=\"color: #333333;\"><em>2010 Un chewing-gum en commun , Le Pr\u00e9au des arts, IUFM de Lorraine, Max\u00e9ville<\/em><\/span><br \/>\n<span style=\"color: #333333;\"><em>2010 L\u2018Ensemble , Atelier de recherche et de cr\u00e9ation OEuvres partag\u00e9es ARTEM \u00e0 l\u2019ENSA de Nancy<\/em><\/span><br \/>\n<span style=\"color: #333333;\"><em>2009 Collection Ergastule , <\/em><em><a href=\"http:\/\/www.mymonkey.fr\/\">Espace My Monkey<\/a><\/em><em>, Nancy<\/em><\/span><br \/>\n<span style=\"color: #333333;\"><em>2009 <\/em><em><a href=\"http:\/\/www.jeromeknebusch.net\/\">J\u00e9r\u00f4me Knebusch<\/a><\/em><em> invite\u2026[sdf] , Metz, France<\/em><\/span><br \/>\n<span style=\"color: #333333;\"><em>2009 Espace en vue, Ergastule \u00e9ditions 2008,<\/em><em><a href=\"http:\/\/www.fraclorraine.org\/explorez\/artsvisuels\/148\"> FRAC Lorraine<\/a><\/em><em>, Metz, France &#8230;<\/em><\/span><\/p>\n<p><span style=\"color: #333333;\"><strong><em>Interventions artistiques et Conf\u00e9rences<\/em><\/strong><\/span><\/p>\n<p>2024 <em>Sur le mur, <\/em>performance dessin\u00e9e avec les \u00e9l\u00e8ves du lyc\u00e9e Jean Prouv\u00e9 pour le concert de fin de r\u00e9sidence de Lobo El &amp; Cotchei<br \/>\n2024 <em>Dessiner in situ \u00e0 la craie pour le<\/em><em> printemps du Dessin<\/em>, Parc des bords de Seille et Porte des Allemands, Metz<br \/>\n2023 <em>Dessiner avec la pulpe de la main &#8211;<\/em> <em>Le printemps du Dessin<\/em>, Galerie Le M\u00e8tre Carr\u00e9, Metz<br \/>\n2022 <em>AdVitrum \u00c6ternam, \u00ab Designers, artisans d\u2019art et artistes, quand la cr\u00e9ation rassemble \u00bb GlassArt2022 &#8211; H\u00f4tel Intercontinental, Lyon<\/em><br \/>\n2022 Expert Design et Cr\u00e9ativit\u00e9 pour le CNAM Grand-Est<br \/>\n2019 <em>Les arts et usages du verre dans la cr\u00e9ation contemporaine , rencontres avec Ga\u00efdig Lemari\u00e9 et Manuel Fadat- Mus\u00e9e National Fernand L\u00e9ger, Biot<\/em><br \/>\n<em>2018 L&rsquo;humanisme num\u00e9rique &#8211; Les ateliers des possibles, Nancy M\u00e9tropole<br \/>\n2017-2018\u00a0Le verre num\u00e9rique, intervention cycle Design d&rsquo;objet, \u00e9cole nationale sup\u00e9rieure\u00a0des Arts d\u00e9coratifs ENSAD &#8211; Paris<br \/>\n<\/em><span style=\"color: #333333;\"><em>2017 Le Brunch &lsquo;<\/em><em><a href=\"http:\/\/factuel.univ-lorraine.fr\/node\/6440\">Plasturgie 4.0 et Usine du Futur<\/a><\/em><em>&lsquo;, Universit\u00e9 de Lorraine, Kreutzwald<\/em><\/span><br \/>\n<span style=\"color: #333333;\"><em>2017 Fab lab : laboratoire d&rsquo;exp\u00e9rimentation et de coop\u00e9ration &#8211; Forum Entreprendre dans la Culture, Beaux-Arts, Paris<\/em><\/span><br \/>\n<span style=\"color: #333333;\"><em>2017 Sous Contr\u00f4le, IUT M\u00e9trologie &amp; Logistique, Universit\u00e9 de Lorraine dans le cadre des Journ\u00e9es Th\u00e9\u00e2tre et Science, <\/em><span style=\"color: #333333; font-style: italic;\"><em>Lun\u00e9ville<\/em><\/span><\/span> <span style=\"color: #333333;\"><em>2016 SPEED FABLAB 2 @TheGlassFablab<br \/>\n<\/em><\/span>2015 La cr\u00e9ation num\u00e9rique en France, The Glass Fablab, Semaine des Ambassadeurs, Quai d&rsquo;Orsay, Paris<br \/>\n<span style=\"color: #333333;\"><em>2015 <\/em><em><a href=\"http:\/\/design.ensa-nancy.net\/philippe-garenc-de-la-conception-et-de-la-fabrication-numerique-associees-aux-techniques-verrieres-traditionnelles\/\">Le verre num\u00e9rique<\/a><\/em><em>, sur une invitation de Jean-Baptiste Sibertin-Blanc dans le cadre de GlassRoom, ENSAD Nancy<\/em><\/span><br \/>\n<span style=\"color: #333333;\"><em>2015 SPEED FABLAB 1 (Lorraine) &amp; FABLAB \u00e9ph\u00e9m\u00e8re ( Ard\u00e8che ) &#8211; Workshop pour artisans d&rsquo;art orient\u00e9 conception et fabrication digitales<\/em><\/span> <span style=\"color: #333333;\"><em>2015 Une Image qui dure 1000 ans, Futur en Seine &#8211; Ga\u00eet\u00e9 Lyrique Paris<\/em><\/span><br \/>\n<span style=\"color: #333333;\"><em>2014 <\/em><em><a href=\"http:\/\/ateliersdespossibles.fr\/\" target=\"_blank\" rel=\"noopener noreferrer\">Les Ateliers des Possibles<\/a><\/em><em>, CNAM Paris<\/em><\/span><br \/>\n<span style=\"color: #333333;\"><em>2014 Le Brunch &lsquo;Mat\u00e9rialiser vos id\u00e9es&rsquo;, ARTEM les Mines Nancy<\/em><\/span><br \/>\n<span style=\"color: #333333;\"><em>2013 &#8211; 2014 Le Multiple et son Double, HEAR Mulhouse<\/em><\/span><br \/>\n<span style=\"color: #333333;\"><em>2013 OpaCity, Ravensbourne Art College &#8211; UK<\/em><\/span><br \/>\n<span style=\"color: #333333;\"><em>2012 &#8211; 2013 Atelier de Recherche et de Cr\u00e9ation AUGMENTATIONS, ENSArt Nancy<\/em><\/span><br \/>\n<span style=\"color: #333333;\"><em>2010 Atelier de Recherche et Cr\u00e9ation Edition, \u00c9cole Sup\u00e9rieure d\u2019Art de Lorraine<\/em><\/span><br \/>\n<span style=\"color: #333333;\"><em>2010 Un espace pousse de l\u2019int\u00e9rieur, workshop, \u00c9cole Sup\u00e9rieure d\u2019Art de Lorraine<\/em><\/span><br \/>\n<span style=\"color: #333333;\"><em>2010 Pr\u00e9sence du verre dans l\u2019art de 1850 \u00e0 nos jours, conf\u00e9rence, \u00c9cole Sup\u00e9rieure d\u2019Art Le Quai Mulhouse<\/em><\/span><br \/>\n<span style=\"color: #333333;\"><em>2010 Les nouvelles technologies du verre, atelier conf\u00e9rence, Mus\u00e9e des Arts et M\u00e9tiers, Paris &#8230;<br \/>\n<\/em><\/span><br \/>\n<span style=\"color: #333333;\"><strong><em>Bibliographie<br \/>\n<\/em><\/strong><\/span><br \/>\n2024 Verre contemporain dans les collections du mus\u00e9e des beaux-arts de Nancy &#8211; \u00e9ditions Snoeck\u00a0ISBN 9789461619631<br \/>\n2021 Verre, 30 ans d&rsquo;innovation au Cerfav &#8211; \u00e9ditions Snoeck ISBN 9461616694<br \/>\n2018 SIO <span style=\"color: #333333;\"><em>2017 Verre, recherche et technologie par Manuel Fadat in <\/em><em><a href=\"http:\/\/www.garenc.com\/garenc-at-works\/2017\/05\/09\/verre-recherche-et-technologie\/\">Revue de la C\u00e9ramique et du Verre<\/a><\/em><em> mai\/juin n\u00b054<\/em><\/span> <span style=\"color: #333333;\"><br \/>\n<em>2016 <\/em><em><a href=\"http:\/\/www.entretemps.org\/nouveautes\/199-poetiques-du-numerique-4-9782355392.html\" target=\"_blank\" rel=\"noopener noreferrer\">Po\u00e9tique(s) du num\u00e9rique 4 : entre esth\u00e9tique et politique<\/a><\/em><em>, <\/em><span style=\"color: #333333; font-style: italic;\"><em>sous la direction de Manuela Antonioli &#8211; <\/em><\/span><em>\u00e9ditions l&rsquo;entretemps <\/em><\/span><span style=\"color: #333333;\"><em>2015 <\/em><em><a href=\"http:\/\/www.oudeis.fr\/entretien-philippe-garenc\/\" target=\"_blank\" rel=\"noopener noreferrer\">SIO<\/a><\/em><em>, \u00e9tude transversale Verre et Nouvelles Technologies par Manuel Fadat et Oud\u00e9is<\/em><\/span><br \/>\n<span style=\"color: #333333;\"><em>2015 Fablabs, etc. de Bosqu\u00e9, Noor et Ricard chez <\/em><em><a href=\"http:\/\/www.eyrolles.com\/Sciences\/Livre\/fablabs-etc-9782212139389\">Eyrolles<\/a><\/em> <\/span><br \/>\n<span style=\"color: #333333;\"><em>2014 <\/em><em><a href=\"http:\/\/www.cma13.fr\/uploads\/media\/web_LMA104_13.pdf\" target=\"_blank\" rel=\"noopener noreferrer\">Le Monde des Artisans <\/a><\/em><em>A la pointe de l&rsquo;Innovation p.19&amp;20 <\/em><\/span><br \/>\n<span style=\"color: #333333;\"><em>2012 <\/em><em><a href=\"http:\/\/www.mymonkey.fr\/archives\/4542\">Les Absents<\/a><\/em><em>, My Monkey France<\/em><\/span><br \/>\n<span style=\"color: #333333;\"><em>2012 <\/em><em><a href=\"http:\/\/www.amazon.com\/New-Technologies-Glass-V-Cutler\/dp\/1408139545\">New Technologies in Glass<\/a><\/em><em> , Vanessa Cutler chez A&amp;C Black Publishing UK<\/em><\/span><br \/>\n<span style=\"color: #333333;\"><em>2011 Corps de verre , catalogue d\u2019exposition par Laurent Subra et Manuel Fadat pour le <\/em><em><a href=\"http:\/\/www.museeverre-tarn.com\/actualites23.html\">Centre d&rsquo;Art du Verre<\/a><\/em><em> &#8211; Carmaux &#8211; France &#8230;<\/em><\/span><br \/>\n<span style=\"color: #333333;\"><strong><em><br \/>\n\u00c9ditions<\/em><\/strong><br \/>\n<\/span><\/p>\n<p><span style=\"color: #333333;\"><em>2014 <\/em><em><a href=\"http:\/\/ergastule.org\/atelier\/gallery\/collection-2014\/\" target=\"_blank\" rel=\"noopener noreferrer\">T\u00eate de Boisseau Sans Chapeau<\/a><\/em><em> \u00e9dit\u00e9 \u00e0 12 exemplaires en collaboration avec Ergastule<\/em><\/span><br \/>\n<span style=\"color: #333333;\"><em>2013 <\/em><em><a href=\"https:\/\/www.shapeways.com\/product\/ZGWRBK7GS\/balance\" target=\"_blank\" rel=\"noopener noreferrer\">Balance<\/a><\/em><em> \u00e9dit\u00e9 \u00e0 4 exemplaires imprim\u00e9es en alliage inox-bronze chez Ex-one<\/em><\/span><br \/>\n<span style=\"color: #333333;\"><em>2010 Vitruvius et On the Rock\u2019s avec Ex-one (US), Shapeways (NL) et le P\u00f4le National d\u2019Innovation du Verre (F)<\/em><\/span> <span style=\"color: #333333;\"><em>2010 Petit Palais, prototype rapide en verre sodo-calcique \u00e9dit\u00e9 par le <\/em><em><a href=\"http:\/\/open3dp.me.washington.edu\/?s=garenc\">Solheim Laboratory de l\u2019Universit\u00e9 de Washington<\/a><\/em><\/span><br \/>\n<span style=\"color: #333333;\"><em>2009 Home sweet home, image de synth\u00e8se tir\u00e9e sur papier argentique \u00e0 12 ex. &#8211; Collection de multiples d\u2019artistes Ergastule<\/em><\/span><br \/>\n<span style=\"color: #333333;\"><em>2009 Sweet homes, prototypes num\u00e9riques \u00e9dit\u00e9s en cristal en collaboration avec le CERFAV<\/em><\/span><br \/>\n<span style=\"color: #333333;\"><em>2008 Fait avec mollesse, peinture silicone \u00e9lastom\u00e8re polychrome tir\u00e9e \u00e0 12 ex. &#8211; Collection de multiples d\u2019artistes Ergastule<\/em><\/span><br \/>\n<span style=\"color: #333333;\"><strong><em><br \/>\nR\u00e9sidence<\/em><\/strong><br \/>\n<\/span><\/p>\n<p><span style=\"color: #333333;\"><em>2002 Installation interactive X\u00b3 &#8211; <\/em><em><a href=\"http:\/\/www.gmea.net\/activite\/avenir_2012.htm\">GMEA<\/a><\/em><em> Centre national de cr\u00e9ation musicale d\u2019Albi<\/em><\/span><br \/>\n<span style=\"color: #333333;\"><strong><em><br \/>\nCommandes publiques<br \/>\n<\/em><\/strong><\/span><br \/>\n<span style=\"color: #333333;\"><em>2012 Sol Agens, m\u00e9daillon mod\u00e8le pour le Centre d\u2019Art du Verre de Carmaux<\/em><\/span><br \/>\n<span style=\"color: #333333;\"><em>2007 Pr\u00e9cieuse \u00e9clair\u00e9e, Vestibule du ch\u00e2teau de Lun\u00e9ville (propri\u00e9t\u00e9 du Conseil g\u00e9n\u00e9ral de la Meurthe et Moselle), France<\/em><\/span><br \/>\n<span style=\"color: #333333;\"><strong><em><br \/>\nDipl\u00f4mes<\/em><\/strong><\/span><br \/>\n<span style=\"color: #333333;\"><em><br \/>\n2000 Licence d\u2019Arts Plastiques &#8211; <\/em>Universit\u00e9 des Sciences Humaines Toulouse 2 Jean Jaur\u00e8s<\/span><br \/>\n<span style=\"color: #333333;\"><em>2001 DNSEP Art &#8211; <\/em>Institut Sup\u00e8rieur des Arts de Toulouse ISDAT<\/span><br \/>\n<span style=\"color: #333333;\"><em>2001 Ma\u00eetrise d\u2019Arts Plastiques &lsquo;Architectures de l\u2019exp\u00e9rience&rsquo; &#8211; <\/em>U.T. 2 Jean Jaur\u00e8s<\/span><br \/>\n<span style=\"color: #333333;\"><em>2002 DESS Cr\u00e9ation multim\u00e9dia &#8211; <\/em>U.T. 2 Jean Jaur\u00e8s<em>.<\/em><\/span><br \/>\n2006 <em>CAP Miroitier-d\u00e9corateur<\/em> &#8211; CERFAV<br \/>\n<span style=\"color: #333333;\"><em>2007 Compagnon Verrier Europ\u00e9en Modeleur \/ Mouleur avec les f\u00e9licitations du Jury &#8211; <\/em>CERFAV<\/span><\/p>\n","protected":false},"excerpt":{"rendered":"<p>Pour plus d&rsquo;informations, vous pouvez m&rsquo;\u00e9crire \u00e0 l&rsquo;adresse philippe@garenc.com Expositions 2025 Cabanes \u00e0 construire &#8211; installation, LAC Lyc\u00e9e Jean Prouv\u00e9 &#8211; Nancy 2024 Jardin d&rsquo;acclimatation &#8211; multiples\u00a0Ergastule \u00e0 l&rsquo;usine Utopik &#8211; Tessy-sur-Virre 2024 Du crayon \u00e0 la souris et vice et versa&#8230; &#8211; Galerie le M\u00e8tre carr\u00e9 \/ Metz &#8211; France 2022 Ville(s) invisible(s) &#8211; [&hellip;]<\/p>\n","protected":false},"author":1,"featured_media":0,"parent":0,"menu_order":0,"comment_status":"closed","ping_status":"open","template":"","meta":{"footnotes":""},"class_list":["post-2","page","type-page","status-publish","hentry"],"_links":{"self":[{"href":"https:\/\/www.garenc.com\/garenc-at-works\/wp-json\/wp\/v2\/pages\/2","targetHints":{"allow":["GET"]}}],"collection":[{"href":"https:\/\/www.garenc.com\/garenc-at-works\/wp-json\/wp\/v2\/pages"}],"about":[{"href":"https:\/\/www.garenc.com\/garenc-at-works\/wp-json\/wp\/v2\/types\/page"}],"author":[{"embeddable":true,"href":"https:\/\/www.garenc.com\/garenc-at-works\/wp-json\/wp\/v2\/users\/1"}],"replies":[{"embeddable":true,"href":"https:\/\/www.garenc.com\/garenc-at-works\/wp-json\/wp\/v2\/comments?post=2"}],"version-history":[{"count":54,"href":"https:\/\/www.garenc.com\/garenc-at-works\/wp-json\/wp\/v2\/pages\/2\/revisions"}],"predecessor-version":[{"id":1466,"href":"https:\/\/www.garenc.com\/garenc-at-works\/wp-json\/wp\/v2\/pages\/2\/revisions\/1466"}],"wp:attachment":[{"href":"https:\/\/www.garenc.com\/garenc-at-works\/wp-json\/wp\/v2\/media?parent=2"}],"curies":[{"name":"wp","href":"https:\/\/api.w.org\/{rel}","templated":true}]}}